{"id":80,"date":"2025-05-05T08:40:23","date_gmt":"2025-05-05T08:40:23","guid":{"rendered":"https:\/\/omesse-nordholz.de\/?page_id=80"},"modified":"2025-05-05T18:27:35","modified_gmt":"2025-05-05T18:27:35","slug":"about","status":"publish","type":"page","link":"https:\/\/omesse-nordholz.de\/?page_id=80","title":{"rendered":"About"},"content":{"rendered":"<p>[et_pb_section fb_built=&#8220;1&#8243; fullwidth=&#8220;on&#8220; disabled_on=&#8220;off|off|off&#8220; admin_label=&#8220;Hero&#8220; _builder_version=&#8220;4.16&#8243; background_color=&#8220;#1f1f1f&#8220; parallax=&#8220;on&#8220; custom_padding=&#8220;|||&#8220; transparent_background=&#8220;on&#8220; global_colors_info=&#8220;{}&#8220;][et_pb_fullwidth_header title=&#8220;About&#8220; text_orientation=&#8220;center&#8220; background_overlay_color=&#8220;rgba(31,31,31,0.85)&#8220; subhead_font_color=&#8220;#bebebe&#8220; _builder_version=&#8220;4.27.4&#8243; title_font=&#8220;Montserrat||||||||&#8220; title_text_color=&#8220;#ffffff&#8220; title_font_size=&#8220;35px&#8220; title_line_height=&#8220;1.3em&#8220; content_font=&#8220;Montserrat||||&#8220; content_text_color=&#8220;#bfbfbf&#8220; content_font_size=&#8220;19px&#8220; content_line_height=&#8220;1.8em&#8220; subhead_font=&#8220;Montserrat||||&#8220; subhead_text_color=&#8220;#bebebe&#8220; subhead_line_height=&#8220;1.8em&#8220; background_color=&#8220;rgba(255, 255, 255, 0)&#8220; background_image=&#8220;https:\/\/omesse-nordholz.de\/wp-content\/uploads\/2025\/03\/restaurant-hero-02.jpg&#8220; parallax=&#8220;on&#8220; parallax_method=&#8220;on&#8220; custom_padding=&#8220;5%||5%|&#8220; animation_style=&#8220;zoom&#8220; animation_duration=&#8220;1500ms&#8220; animation_intensity_zoom=&#8220;4%&#8220; title_line_height_last_edited=&#8220;off|desktop&#8220; global_colors_info=&#8220;{}&#8220; button_one_text_size__hover_enabled=&#8220;off&#8220; button_two_text_size__hover_enabled=&#8220;off&#8220; button_one_text_color__hover_enabled=&#8220;off&#8220; button_two_text_color__hover_enabled=&#8220;off&#8220; button_one_border_width__hover_enabled=&#8220;off&#8220; button_two_border_width__hover_enabled=&#8220;off&#8220; button_one_border_color__hover_enabled=&#8220;off&#8220; button_two_border_color__hover_enabled=&#8220;off&#8220; button_one_border_radius__hover_enabled=&#8220;off&#8220; button_two_border_radius__hover_enabled=&#8220;off&#8220; button_one_letter_spacing__hover_enabled=&#8220;off&#8220; button_two_letter_spacing__hover_enabled=&#8220;off&#8220; button_one_bg_color__hover_enabled=&#8220;off&#8220; button_two_bg_color__hover_enabled=&#8220;off&#8220;][\/et_pb_fullwidth_header][\/et_pb_section][et_pb_section fb_built=&#8220;1&#8243; admin_label=&#8220;Contact Us&#8220; _builder_version=&#8220;4.16&#8243; background_color=&#8220;rgba(0,0,0,0.75)&#8220; background_image=&#8220;https:\/\/omesse-nordholz.de\/wp-content\/uploads\/2025\/03\/restaurant-hero-03.jpg&#8220; background_blend=&#8220;color&#8220; custom_padding=&#8220;100px|0px|100px|0px&#8220; locked=&#8220;off&#8220; collapsed=&#8220;off&#8220; global_colors_info=&#8220;{}&#8220;][et_pb_row column_structure=&#8220;1_3,1_3,1_3&#8243; make_equal=&#8220;on&#8220; _builder_version=&#8220;4.27.4&#8243; background_size=&#8220;initial&#8220; background_position=&#8220;top_left&#8220; background_repeat=&#8220;repeat&#8220; max_width=&#8220;1280px&#8220; custom_margin=&#8220;|||&#8220; custom_padding=&#8220;|||&#8220; use_custom_width=&#8220;on&#8220; custom_width_px=&#8220;1280px&#8220; global_colors_info=&#8220;{}&#8220;][et_pb_column type=&#8220;1_3&#8243; _builder_version=&#8220;4.16&#8243; background_color=&#8220;#1f1f1f&#8220; custom_padding=&#8220;100px|5%|100px|5%&#8220; global_colors_info=&#8220;{}&#8220; custom_padding__hover=&#8220;|||&#8220;][et_pb_text _builder_version=&#8220;4.27.4&#8243; text_font=&#8220;Playfair Display||||&#8220; text_font_size=&#8220;30px&#8220; text_line_height=&#8220;1.3em&#8220; header_font=&#8220;||||||||&#8220; header_3_font=&#8220;Playfair Display||||||||&#8220; header_3_font_size=&#8220;30px&#8220; header_3_line_height=&#8220;1.3em&#8220; background_size=&#8220;initial&#8220; background_position=&#8220;top_left&#8220; background_repeat=&#8220;repeat&#8220; text_orientation=&#8220;center&#8220; background_layout=&#8220;dark&#8220; max_width=&#8220;400px&#8220; module_alignment=&#8220;center&#8220; custom_padding=&#8220;||30px|&#8220; hover_enabled=&#8220;0&#8243; global_colors_info=&#8220;{}&#8220; header_2_font=&#8220;Montserrat||||||||&#8220; sticky_enabled=&#8220;0&#8243; header_2_font_size=&#8220;22px&#8220;]<\/p>\n<h2 itemprop=\"name\">SERVICE<\/h2>\n<p>[\/et_pb_text][et_pb_text _builder_version=&#8220;4.27.4&#8243; text_font=&#8220;Montserrat||||&#8220; text_text_color=&#8220;#ffffff&#8220; text_font_size=&#8220;15px&#8220; text_letter_spacing=&#8220;1px&#8220; text_line_height=&#8220;1.9em&#8220; background_size=&#8220;initial&#8220; background_position=&#8220;top_left&#8220; background_repeat=&#8220;repeat&#8220; text_orientation=&#8220;center&#8220; module_alignment=&#8220;center&#8220; custom_margin=&#8220;12px||12px|&#8220; animation_style=&#8220;zoom&#8220; animation_intensity_zoom=&#8220;20%&#8220; global_colors_info=&#8220;{}&#8220;]<\/p>\n<p>\u00a0\u00a0Ein besonderer Veranstaltungsort ist die Offiziermesse Nordholz. Im Fliegerhorst Nordholz, in der Gemeinde Wurster Nordseek\u00fcste, sind Sie im wahrsten Sinne des Wortes &#8222;sicher&#8220; aufgehoben.<\/p>\n<p>Falls Sie Fragen haben, die \u00fcber den Inhalt der Informationen dieser Seite hinausgehen, wenden Sie sich bitte vertrauensvoll an das Messepersonal oder den Vorstand. Alle werden Ihnen gern behilflich sein.<\/p>\n<p>Wenn Sie Anregungen oder Fragen zu unseren Veranstaltungen und Services haben oder einfach nur weitere Informationen w\u00fcnschen und uns kontaktieren m\u00f6chten, bitte gerne.<\/p>\n<p>Wir freuen uns, wenn wir Ihnen helfen k\u00f6nnen.<\/p>\n<p>[\/et_pb_text][\/et_pb_column][et_pb_column type=&#8220;1_3&#8243; _builder_version=&#8220;4.16&#8243; background_color=&#8220;#1f1f1f&#8220; custom_padding=&#8220;100px|5%|100px|5%&#8220; global_colors_info=&#8220;{}&#8220; custom_padding__hover=&#8220;|||&#8220;][et_pb_text _builder_version=&#8220;4.27.4&#8243; text_font=&#8220;Playfair Display||||&#8220; text_font_size=&#8220;30px&#8220; text_line_height=&#8220;1.3em&#8220; header_font=&#8220;||||||||&#8220; header_3_font=&#8220;Playfair Display||||||||&#8220; header_3_font_size=&#8220;30px&#8220; header_3_line_height=&#8220;1.3em&#8220; background_size=&#8220;initial&#8220; background_position=&#8220;top_left&#8220; background_repeat=&#8220;repeat&#8220; text_orientation=&#8220;center&#8220; background_layout=&#8220;dark&#8220; max_width=&#8220;400px&#8220; module_alignment=&#8220;center&#8220; custom_padding=&#8220;||30px|&#8220; hover_enabled=&#8220;0&#8243; global_colors_info=&#8220;{}&#8220; header_2_font=&#8220;Montserrat||||||||&#8220; header_2_font_size=&#8220;22px&#8220; sticky_enabled=&#8220;0&#8243;]<\/p>\n<h2 itemprop=\"name\">BESPRECHUNG, TAGUNG &amp; VORTR\u00c4GE<\/h2>\n<p>[\/et_pb_text][et_pb_text _builder_version=&#8220;4.16&#8243; text_font=&#8220;Montserrat||||&#8220; text_text_color=&#8220;#ffffff&#8220; text_font_size=&#8220;15px&#8220; text_letter_spacing=&#8220;1px&#8220; text_line_height=&#8220;1.9em&#8220; background_size=&#8220;initial&#8220; background_position=&#8220;top_left&#8220; background_repeat=&#8220;repeat&#8220; text_orientation=&#8220;center&#8220; module_alignment=&#8220;center&#8220; custom_margin=&#8220;12px||12px|&#8220; animation_style=&#8220;zoom&#8220; animation_intensity_zoom=&#8220;20%&#8220; global_colors_info=&#8220;{}&#8220;]<\/p>\n<p><strong><\/strong><span>In der Offiziermesse Nordholz finden Sie hervorragende M\u00f6glichkeiten vor, inklusive eines umfassenden, individuellen Veranstaltungsservices.<\/span><\/p>\n<p><span>Ganz nach Ihren spezifischen Bed\u00fcrfnissen bieten wir Ihnen den grossz\u00fcgig gestalteten Hugo Eckner Saal f\u00fcr bis zu 140 Personen an Tischen oder f\u00fcr bis zu 200 Personen bei Kino-Bestuhlung.<\/span><\/p>\n<p><span>Wir bieten Ihnen die M\u00f6glichkeit, R\u00e4umlichkeiten inklusive erforderlicher Ausstattung zu nutzen. Dazu modernste Tagungs- und Lichttechnik: Beamer, Overhead-Projektor, Flipchart, Leinwand, Mikrophon, Rednerpult, Moderatorenwand und -koffer, Serviceleistung, WLAN<\/span><span style=\"font-size: 15px;\"><\/span><\/p>\n<p>[\/et_pb_text][\/et_pb_column][et_pb_column type=&#8220;1_3&#8243; _builder_version=&#8220;4.16&#8243; background_color=&#8220;#1f1f1f&#8220; custom_padding=&#8220;100px|5%|100px|5%&#8220; global_colors_info=&#8220;{}&#8220; custom_padding__hover=&#8220;|||&#8220;][et_pb_text _builder_version=&#8220;4.27.4&#8243; text_font=&#8220;Playfair Display||||&#8220; text_font_size=&#8220;30px&#8220; text_line_height=&#8220;1.3em&#8220; header_font=&#8220;||||||||&#8220; header_3_font=&#8220;Playfair Display||||||||&#8220; header_3_font_size=&#8220;30px&#8220; header_3_line_height=&#8220;1.3em&#8220; background_size=&#8220;initial&#8220; background_position=&#8220;top_left&#8220; background_repeat=&#8220;repeat&#8220; text_orientation=&#8220;center&#8220; background_layout=&#8220;dark&#8220; max_width=&#8220;400px&#8220; module_alignment=&#8220;center&#8220; custom_padding=&#8220;||30px|&#8220; hover_enabled=&#8220;0&#8243; global_colors_info=&#8220;{}&#8220; header_2_font=&#8220;Montserrat||||||||&#8220; header_2_font_size=&#8220;22px&#8220; sticky_enabled=&#8220;0&#8243;]<\/p>\n<h2 itemprop=\"name\">VERANSTALTUNGEN<\/h2>\n<p>[\/et_pb_text][et_pb_text _builder_version=&#8220;4.27.4&#8243; text_font=&#8220;Montserrat||||&#8220; text_text_color=&#8220;#ffffff&#8220; text_font_size=&#8220;15px&#8220; text_letter_spacing=&#8220;1px&#8220; text_line_height=&#8220;1.9em&#8220; background_size=&#8220;initial&#8220; background_position=&#8220;top_left&#8220; background_repeat=&#8220;repeat&#8220; text_orientation=&#8220;center&#8220; module_alignment=&#8220;center&#8220; custom_margin=&#8220;12px||12px|&#8220; animation_style=&#8220;zoom&#8220; animation_intensity_zoom=&#8220;20%&#8220; global_colors_info=&#8220;{}&#8220;]<\/p>\n<p>Die Offiziermesse bietet in unregelm\u00e4\u00dfigen Abst\u00e4nden Veranstaltungen f\u00fcr Mitglieder und die, die es noch werden m\u00f6chten, an! Die Termine werden in dem Messebrief bekannt gegeben, weiter unten auf dieser Seite und mit der Verteilung der Mittagskarte zum Wochenende.<\/p>\n<p>Zu den &#8222;Rennern&#8220; unter den Veranstaltungen geh\u00f6ren die mehrmals im Jahr angebotenen Brunch-Tage, das Candle Light Dinner, BBQ und auch das Whisky Tasting.<\/p>\n<p>Bitte melden Sie sich rechtzeitig zu allen Veranstaltungen im Messeb\u00fcro an! Danke.<\/p>\n<p>[\/et_pb_text][\/et_pb_column][\/et_pb_row][et_pb_row make_equal=&#8220;on&#8220; _builder_version=&#8220;4.27.4&#8243; background_size=&#8220;initial&#8220; background_position=&#8220;top_left&#8220; background_repeat=&#8220;repeat&#8220; max_width=&#8220;1280px&#8220; custom_margin=&#8220;|||&#8220; custom_padding=&#8220;|||&#8220; use_custom_width=&#8220;on&#8220; custom_width_px=&#8220;1280px&#8220; global_colors_info=&#8220;{}&#8220;][et_pb_column type=&#8220;4_4&#8243; _builder_version=&#8220;4.16&#8243; background_color=&#8220;#1f1f1f&#8220; custom_padding=&#8220;100px|5%|100px|5%&#8220; global_colors_info=&#8220;{}&#8220; custom_padding__hover=&#8220;|||&#8220;][et_pb_text _builder_version=&#8220;4.27.4&#8243; text_font=&#8220;Playfair Display||||&#8220; text_font_size=&#8220;30px&#8220; text_line_height=&#8220;1.3em&#8220; header_font=&#8220;||||||||&#8220; header_3_font=&#8220;Playfair Display||||||||&#8220; header_3_font_size=&#8220;30px&#8220; header_3_line_height=&#8220;1.3em&#8220; background_size=&#8220;initial&#8220; background_position=&#8220;top_left&#8220; background_repeat=&#8220;repeat&#8220; text_orientation=&#8220;center&#8220; background_layout=&#8220;dark&#8220; max_width=&#8220;400px&#8220; module_alignment=&#8220;center&#8220; custom_padding=&#8220;||30px|&#8220; hover_enabled=&#8220;0&#8243; global_colors_info=&#8220;{}&#8220; header_2_font=&#8220;Montserrat||||||||&#8220; header_2_font_size=&#8220;22px&#8220; sticky_enabled=&#8220;0&#8243;]<\/p>\n<h2 itemprop=\"name\">WELCHER RAUM PASST ZU MEINEN W\u00dcNSCHEN ?<\/h2>\n<p>[\/et_pb_text][et_pb_text _builder_version=&#8220;4.27.4&#8243; text_font=&#8220;Montserrat||||&#8220; text_text_color=&#8220;#ffffff&#8220; text_font_size=&#8220;15px&#8220; text_letter_spacing=&#8220;1px&#8220; text_line_height=&#8220;1.9em&#8220; background_size=&#8220;initial&#8220; background_position=&#8220;top_left&#8220; background_repeat=&#8220;repeat&#8220; text_orientation=&#8220;center&#8220; module_alignment=&#8220;center&#8220; custom_margin=&#8220;12px||12px|&#8220; animation_style=&#8220;zoom&#8220; animation_intensity_zoom=&#8220;20%&#8220; global_colors_info=&#8220;{}&#8220;]<\/p>\n<p>Was immer Ihnen am Herzen liegt, wir lassen Sie nicht allein und halten jede Menge Ideen f\u00fcr Ihren Anlass bereit.<\/p>\n<p>&nbsp;<\/p>\n<p>*Im Restaurant-\/Barraum trifft &#8222;Mann&#8220; sich nicht nur am Tresen*<\/p>\n<p>*<\/p>\n<p>*Die Admiral Kriebel Lounge l\u00e4dt zu einem entspannten Beisammensein ein*<\/p>\n<p>*<\/p>\n<p>*Im Wintergarten geniessen Sie eine famili\u00e4re Atmosph\u00e4re mit max. 40 Personen*<\/p>\n<p>*<\/p>\n<p>*Das Brequet Atlantic Zimmer bietet Raum f\u00fcr max. 40 Personen*<\/p>\n<p>*<\/p>\n<p>*Im Graf Zeppelin Zimmer\/Konferenzraum stehen technische Raffinessen f\u00fcr Ihre Besprechnung mit max. 15 Personen bereit*<\/p>\n<p>*<\/p>\n<p>*Der Hugo Eckner Saal fasst bis zu 140 Personen, je nach Tischarrangement, bei Kinobestuhlung 200 Personen*<\/p>\n<p>&nbsp;<\/p>\n<p>[\/et_pb_text][et_pb_divider show_divider=&#8220;off&#8220; disabled_on=&#8220;on|on|off%22%22%22%22&#8243; _builder_version=&#8220;4.16&#8243; max_width=&#8220;400px&#8220; module_alignment=&#8220;center&#8220; height=&#8220;2px&#8220; custom_margin=&#8220;||0px|&#8220; custom_padding=&#8220;|||&#8220; animation_style=&#8220;zoom&#8220; animation_intensity_zoom=&#8220;20%&#8220; global_colors_info=&#8220;{}&#8220;][\/et_pb_divider][et_pb_divider show_divider=&#8220;off&#8220; disabled_on=&#8220;on|on|off%22%22%22%22&#8243; _builder_version=&#8220;4.16&#8243; max_width=&#8220;400px&#8220; module_alignment=&#8220;center&#8220; height=&#8220;2px&#8220; custom_margin=&#8220;||0px|&#8220; custom_padding=&#8220;|||&#8220; animation_style=&#8220;zoom&#8220; animation_intensity_zoom=&#8220;20%&#8220; locked=&#8220;off&#8220; global_colors_info=&#8220;{}&#8220;][\/et_pb_divider][\/et_pb_column][\/et_pb_row][\/et_pb_section]<\/p>\n","protected":false},"excerpt":{"rendered":"<p>SERVICE\u00a0\u00a0Ein besonderer Veranstaltungsort ist die Offiziermesse Nordholz. Im Fliegerhorst Nordholz, in der Gemeinde Wurster Nordseek\u00fcste, sind Sie im wahrsten Sinne des Wortes &#8222;sicher&#8220; aufgehoben. Falls Sie Fragen haben, die \u00fcber den Inhalt der Informationen dieser Seite hinausgehen, wenden Sie sich bitte vertrauensvoll an das Messepersonal oder den Vorstand. Alle werden Ihnen gern behilflich sein. Wenn [&hellip;]<\/p>\n","protected":false},"author":1,"featured_media":0,"parent":0,"menu_order":0,"comment_status":"closed","ping_status":"closed","template":"","meta":{"_et_pb_use_builder":"on","_et_pb_old_content":"","_et_gb_content_width":"","footnotes":""},"class_list":["post-80","page","type-page","status-publish","hentry"],"_links":{"self":[{"href":"https:\/\/omesse-nordholz.de\/index.php?rest_route=\/wp\/v2\/pages\/80","targetHints":{"allow":["GET"]}}],"collection":[{"href":"https:\/\/omesse-nordholz.de\/index.php?rest_route=\/wp\/v2\/pages"}],"about":[{"href":"https:\/\/omesse-nordholz.de\/index.php?rest_route=\/wp\/v2\/types\/page"}],"author":[{"embeddable":true,"href":"https:\/\/omesse-nordholz.de\/index.php?rest_route=\/wp\/v2\/users\/1"}],"replies":[{"embeddable":true,"href":"https:\/\/omesse-nordholz.de\/index.php?rest_route=%2Fwp%2Fv2%2Fcomments&post=80"}],"version-history":[{"count":8,"href":"https:\/\/omesse-nordholz.de\/index.php?rest_route=\/wp\/v2\/pages\/80\/revisions"}],"predecessor-version":[{"id":173,"href":"https:\/\/omesse-nordholz.de\/index.php?rest_route=\/wp\/v2\/pages\/80\/revisions\/173"}],"wp:attachment":[{"href":"https:\/\/omesse-nordholz.de\/index.php?rest_route=%2Fwp%2Fv2%2Fmedia&parent=80"}],"curies":[{"name":"wp","href":"https:\/\/api.w.org\/{rel}","templated":true}]}}